{"id":153,"date":"2025-05-05T09:53:06","date_gmt":"2025-05-05T07:53:06","guid":{"rendered":"https:\/\/wordpress02.gcms.verdigado.net\/gruene-emmerich\/?page_id=153"},"modified":"2025-06-26T10:32:29","modified_gmt":"2025-06-26T08:32:29","slug":"unsere-themen","status":"publish","type":"page","link":"https:\/\/gruene-emmerich.de\/?page_id=153","title":{"rendered":"Unsere Themen"},"content":{"rendered":"\n<div class=\"wp-block-group is-layout-constrained wp-block-group-is-layout-constrained\">\n<h2 class=\"wp-block-heading\">Umwelt, Klima &amp; Energie<\/h2>\n\n\n\n<figure class=\"wp-block-image size-large\"><img loading=\"lazy\" decoding=\"async\" width=\"1024\" height=\"683\" src=\"https:\/\/wordpress02.gcms.verdigado.net\/gruene-emmerich\/wp-content\/uploads\/sites\/284\/2025\/05\/karsten-wurth-0w-uTa0Xz7w-unsplash-1024x683.jpg\" alt=\"\" class=\"wp-image-220\" srcset=\"https:\/\/gruene-emmerich.de\/wp-content\/uploads\/sites\/284\/2025\/05\/karsten-wurth-0w-uTa0Xz7w-unsplash-1024x683.jpg 1024w, https:\/\/gruene-emmerich.de\/wp-content\/uploads\/sites\/284\/2025\/05\/karsten-wurth-0w-uTa0Xz7w-unsplash-300x200.jpg 300w, https:\/\/gruene-emmerich.de\/wp-content\/uploads\/sites\/284\/2025\/05\/karsten-wurth-0w-uTa0Xz7w-unsplash-768x512.jpg 768w, https:\/\/gruene-emmerich.de\/wp-content\/uploads\/sites\/284\/2025\/05\/karsten-wurth-0w-uTa0Xz7w-unsplash-1536x1024.jpg 1536w, https:\/\/gruene-emmerich.de\/wp-content\/uploads\/sites\/284\/2025\/05\/karsten-wurth-0w-uTa0Xz7w-unsplash-2048x1365.jpg 2048w\" sizes=\"auto, (max-width: 1024px) 100vw, 1024px\" \/><\/figure>\n\n\n\n<p><\/p>\n\n\n\n<div class=\"wp-block-columns is-layout-flex wp-container-core-columns-is-layout-9d6595d7 wp-block-columns-is-layout-flex\">\n<div class=\"wp-block-column is-layout-flow wp-block-column-is-layout-flow\">\n<p>Emmerich soll Vorreiter im lokalen Umwelt- und Klimaschutz werden. Unser Ziel ist es, eine lebenswerte Zukunft f\u00fcr alle Generationen zu sichern. Das gelingt nur durch konsequente Ma\u00dfnahmen zum Schutz unserer nat\u00fcrlichen Lebensgrundlagen und den entschlossenen Ausbau erneuerbarer Energien.<\/p>\n\n\n\n<p>Wir fordern die beschleunigte Umsetzung einer kommunalen W\u00e4rmeplanung, damit B\u00fcrger:innen rechtzeitig wissen, ob ein Anschluss an klimaneutrale Nah- oder Fernw\u00e4rmenetze m\u00f6glich ist. Gleichzeitig setzen wir uns f\u00fcr mehr Photovoltaik auf st\u00e4dtischen und privaten D\u00e4chern ein, pr\u00fcfen Potenziale f\u00fcr Agri-PV und Windkraft, und unterst\u00fctzen innovative Speicherl\u00f6sungen wie Batteriefarmen oder Wasserstoff-Elektrolyse. Besonders wichtig ist uns der Schutz der Artenvielfalt in Emmerich. Geplante Naturschutzgebiete m\u00fcssen ausgewiesen werden, der innerst\u00e4dtische Baumbestand soll erheblich erh\u00f6ht werden. Ma\u00dfnahmen gegen invasive Arten und f\u00fcr klimaresistente Begr\u00fcnung werden aktiv unterst\u00fctzt. Mit Informationsangeboten und gezielten F\u00f6rderprogrammen erm\u00f6glichen wir es B\u00fcrger:innen den Wandel zu gestalten und von den Vorteilen zu profitieren. \u00d6kologische Landwirtschaft soll gef\u00f6rdert werden. Wir unterst\u00fctzen die St\u00e4rkung der Position der Klimamanager:in und des Umweltausschusses.<\/p>\n\n\n\n<hr class=\"wp-block-separator has-text-color has-white-color has-alpha-channel-opacity has-white-background-color has-background\"\/>\n<\/div>\n<\/div>\n<\/div>\n\n\n\n<p><\/p>\n\n\n\n<h2 class=\"wp-block-heading\">Jugend &amp; Bildung<\/h2>\n\n\n\n<figure class=\"wp-block-image size-large\"><img decoding=\"async\" src=\"https:\/\/wordpress02.gcms.verdigado.net\/gruene-emmerich\/wp-content\/uploads\/sites\/284\/2025\/05\/note-thanun-CYlPykF-qAM-unsplash-1024x917.jpg\" alt=\"\" class=\"wp-image-245\"\/><\/figure>\n\n\n\n<p><\/p>\n\n\n\n<p>Unsere Kinder und Jugendlichen sind die Zukunft Emmerichs. Deshalb setzen wir uns f\u00fcr echte Teilhabe, gute Bildung und vielf\u00e4ltige Freizeitangebote ein.<\/p>\n\n\n\n<p>Jugendliche sollen aktiv in kommunale Entscheidungsprozesse eingebunden werden. Wir f\u00f6rdern Jugendbeteiligungsgremien und regelm\u00e4\u00dfige Dialogformate. Attraktive Freizeitangebote entstehen wenn diejenigen die es betrifft mitreden und mitmachen.<\/p>\n\n\n\n<p>In der fr\u00fchkindlichen Bildung fordern wir eine realistische und vorausschauende Kita-Planung. Der Bedarf an Betreuungspl\u00e4tzen \u2013 insbesondere f\u00fcr unter 3-J\u00e4hrige \u2013 darf nicht untersch\u00e4tzt werden. Wir treten daf\u00fcr ein, dass im Zweifel \u00fcbererf\u00fcllt wird, um Familien echte Planungssicherheit zu geben.<\/p>\n\n\n\n<p>Alle Schulformen in Emmerich m\u00fcssen gleichwertig unterst\u00fctzt werden \u2013 unabh\u00e4ngig von parteipolitischen Debatten. Es darf keine Verlierer unter unseren Bildungseinrichtungen geben. Inklusion, Digitalisierung und individuelle F\u00f6rderung sind f\u00fcr uns Grundvoraussetzungen f\u00fcr gute Bildung. Gerade deshalb darf der Gesamtschulstandort Grollscher Weg kein Dauersanierungsfall bleiben. Der Wechsel vom Standort Brink dorthin bedeutet f\u00fcr viele Sch\u00fcler:innen eine deutliche Verschlechterung der Lernbedingungen \u2013 etwa durch fehlende Differenzierungsr\u00e4ume.\u00a0Auch hier braucht es vorausschauende Planung und Investitionen, um faire Bildungschancen zu sichern.<\/p>\n\n\n\n<hr class=\"wp-block-separator has-text-color has-white-color has-alpha-channel-opacity has-white-background-color has-background\"\/>\n\n\n\n<div class=\"wp-block-columns is-layout-flex wp-container-core-columns-is-layout-9d6595d7 wp-block-columns-is-layout-flex\"><\/div>\n\n\n\n<h2 class=\"wp-block-heading\">Verkehr &amp; Mobilit\u00e4t<\/h2>\n\n\n\n<figure class=\"wp-block-image size-large\"><img loading=\"lazy\" decoding=\"async\" width=\"1024\" height=\"683\" src=\"https:\/\/wordpress02.gcms.verdigado.net\/gruene-emmerich\/wp-content\/uploads\/sites\/284\/2025\/05\/Gruene-Home-Fahrrad-1-von-1-1024x683.jpg\" alt=\"\" class=\"wp-image-169\" srcset=\"https:\/\/gruene-emmerich.de\/wp-content\/uploads\/sites\/284\/2025\/05\/Gruene-Home-Fahrrad-1-von-1-1024x683.jpg 1024w, https:\/\/gruene-emmerich.de\/wp-content\/uploads\/sites\/284\/2025\/05\/Gruene-Home-Fahrrad-1-von-1-300x200.jpg 300w, https:\/\/gruene-emmerich.de\/wp-content\/uploads\/sites\/284\/2025\/05\/Gruene-Home-Fahrrad-1-von-1-768x512.jpg 768w, https:\/\/gruene-emmerich.de\/wp-content\/uploads\/sites\/284\/2025\/05\/Gruene-Home-Fahrrad-1-von-1-1536x1024.jpg 1536w, https:\/\/gruene-emmerich.de\/wp-content\/uploads\/sites\/284\/2025\/05\/Gruene-Home-Fahrrad-1-von-1-2048x1365.jpg 2048w\" sizes=\"auto, (max-width: 1024px) 100vw, 1024px\" \/><\/figure>\n\n\n\n<p><\/p>\n\n\n\n<p>Unsere Vision ist eine fahrradfreundliche Stadt mit sicheren Vorrangrouten, ausreichend Fahrradabstellpl\u00e4tzen, guten \u00d6PNV-Anschl\u00fcssen <span style=\"font-size: revert;\">und einer Infrastruktur, die auch Pendler:innen motiviert, vom Auto auf alternative Mobilit\u00e4tsformen umzusteigen. Das Stadtzentrum und der Bahnhof Emmerich m\u00fcssen zu modernen Mobilit\u00e4tszentren werden: mit besseren Aufenthaltsm\u00f6glichkeiten, sicheren Fahrradboxen und sinnvoller digitaler Informationstechnik.<\/span><\/p>\n\n\n\n<p>Ein modernes Emmerich braucht eine nachhaltige, barrierefreie und vernetzte Mobilit\u00e4t. Wir setzen uns f\u00fcr die Verkehrswende ein, bei der Fu\u00dfg\u00e4nger:innen, Radfahrer:innen und Nutzer:innen des \u00d6PNV gleichberechtigt ber\u00fccksichtigt werden. Autoverkehr soll f\u00fcr mehr Aufenthalts- und Lebensqualit\u00e4t in der Innenstadt nicht entgegen stehen. Kostenfreie Parkm\u00f6glichkeiten au\u00dferhalb der Stadt sollen unterst\u00fctzt werden und Parkfl\u00e4chen im innerst\u00e4dtischen Bereich zu Gunsten von Gr\u00fcnfl\u00e4chen oder Radwegen reduziert werden.<\/p>\n\n\n\n<p>Der \u00d6PNV muss attraktiver, barrierefreier und besser vernetzt werden \u2013 auch durch neue Angebote f\u00fcr die Au\u00dfenbereiche. Bushaltestellen wollen wir n\u00e4her an Versorgungs- und Verwaltungszentren verlegen. Gleichzeitig treten wir f\u00fcr eine st\u00e4dtebauliche Planung ein, die bei Ausweisung neuer Wohn- oder Gewerbegebieten die Anbindung an umweltfreundliche Verkehrsarten zur Bedingung macht.<\/p>\n\n\n\n<hr class=\"wp-block-separator has-text-color has-white-color has-alpha-channel-opacity has-white-background-color has-background\"\/>\n\n\n\n<div class=\"wp-block-columns is-layout-flex wp-container-core-columns-is-layout-9d6595d7 wp-block-columns-is-layout-flex\"><\/div>\n\n\n\n<h2 class=\"wp-block-heading\">Arbeit &amp; Wirtschaft<\/h2>\n\n\n\n<figure class=\"wp-block-image size-large\"><img loading=\"lazy\" decoding=\"async\" width=\"1024\" height=\"683\" src=\"https:\/\/wordpress02.gcms.verdigado.net\/gruene-emmerich\/wp-content\/uploads\/sites\/284\/2025\/05\/christopher-burns-8KfCR12oeUM-unsplash-1024x683.jpg\" alt=\"\" class=\"wp-image-222\" srcset=\"https:\/\/gruene-emmerich.de\/wp-content\/uploads\/sites\/284\/2025\/05\/christopher-burns-8KfCR12oeUM-unsplash-1024x683.jpg 1024w, https:\/\/gruene-emmerich.de\/wp-content\/uploads\/sites\/284\/2025\/05\/christopher-burns-8KfCR12oeUM-unsplash-300x200.jpg 300w, https:\/\/gruene-emmerich.de\/wp-content\/uploads\/sites\/284\/2025\/05\/christopher-burns-8KfCR12oeUM-unsplash-768x512.jpg 768w, https:\/\/gruene-emmerich.de\/wp-content\/uploads\/sites\/284\/2025\/05\/christopher-burns-8KfCR12oeUM-unsplash-1536x1024.jpg 1536w, https:\/\/gruene-emmerich.de\/wp-content\/uploads\/sites\/284\/2025\/05\/christopher-burns-8KfCR12oeUM-unsplash-2048x1365.jpg 2048w\" sizes=\"auto, (max-width: 1024px) 100vw, 1024px\" \/><\/figure>\n\n\n\n<p><\/p>\n\n\n\n<p>Eine zukunftsf\u00e4hige Wirtschaft ist digital, nachhaltig und sozial gerecht. Unser Ziel ist eine lokale \u00d6konomie, die Ressourcen schont, neue Ideen f\u00f6rdert und Menschen in Arbeit bringt.<\/p>\n\n\n\n<p>Wir wollen gezielt Unternehmen nach Emmerich holen, die innovative, gr\u00fcne und gemeinwohlorientierte Gesch\u00e4ftsmodelle verfolgen. Gleichzeitig unterst\u00fctzen wir den Ausbau erneuerbarer Energien zum Beispiel durch B\u00fcrgerbeteiligungsprojekte in Absprache mit dem lokalen Energieversorger.<\/p>\n\n\n\n<p>Die Digitalisierung der Verwaltung muss entschlossen vorangetrieben werden \u2013 mit klaren Zust\u00e4ndigkeiten, Schulungsangeboten und niederschwelliger Unterst\u00fctzung, besonders f\u00fcr \u00e4ltere Mitb\u00fcrger:innen. Auch der Ausbau von Informationsveranstaltungen zu Themen wie W\u00e4rmepumpe, Solarenergie oder Geothermie ist f\u00fcr uns zentral.<\/p>\n\n\n\n<p>Wir st\u00e4rken die Kreislaufwirtschaft, z.\u202fB. durch das Repair-Caf\u00e9 und Wiederverwendungsinitiativen. Tourismus wollen wir umweltfreundlich f\u00f6rdern, etwa durch bessere Radwege und eine regionale Gastronomie- und Kulturf\u00f6rderung.<span style=\"font-family: -webkit-standard; font-size: medium; font-weight: 400; white-space: normal;\"><\/span><\/p>\n\n\n\n<hr class=\"wp-block-separator has-text-color has-white-color has-alpha-channel-opacity has-white-background-color has-background\"\/>\n\n\n\n<h2 class=\"wp-block-heading\">Innenstadt &amp; Wohnen<\/h2>\n\n\n\n<figure class=\"wp-block-image size-large\"><img loading=\"lazy\" decoding=\"async\" width=\"1024\" height=\"660\" src=\"https:\/\/wordpress02.gcms.verdigado.net\/gruene-emmerich\/wp-content\/uploads\/sites\/284\/2025\/05\/uitbundig-yxiP843xyrI-unsplash-1024x660.jpg\" alt=\"\" class=\"wp-image-285\" srcset=\"https:\/\/gruene-emmerich.de\/wp-content\/uploads\/sites\/284\/2025\/05\/uitbundig-yxiP843xyrI-unsplash-1024x660.jpg 1024w, https:\/\/gruene-emmerich.de\/wp-content\/uploads\/sites\/284\/2025\/05\/uitbundig-yxiP843xyrI-unsplash-300x193.jpg 300w, https:\/\/gruene-emmerich.de\/wp-content\/uploads\/sites\/284\/2025\/05\/uitbundig-yxiP843xyrI-unsplash-768x495.jpg 768w, https:\/\/gruene-emmerich.de\/wp-content\/uploads\/sites\/284\/2025\/05\/uitbundig-yxiP843xyrI-unsplash-1536x989.jpg 1536w, https:\/\/gruene-emmerich.de\/wp-content\/uploads\/sites\/284\/2025\/05\/uitbundig-yxiP843xyrI-unsplash-2048x1319.jpg 2048w\" sizes=\"auto, (max-width: 1024px) 100vw, 1024px\" \/><\/figure>\n\n\n\n<p><\/p>\n\n\n\n<p>Wir m\u00f6chten die Emmericher Innenstadt wieder zu einem Ort des Lebens, des Austauschs und des Aufenthalts machen \u2013 und zugleich bezahlbaren Wohnraum f\u00fcr alle schaffen.<\/p>\n\n\n\n<p>Unsere Ma\u00dfnahmen reichen von der Einf\u00fchrung eines kommunalen F\u00f6rderprogramms f\u00fcr sozialen Wohnungsbau bis zur Nutzung st\u00e4dtischer Grundst\u00fccke f\u00fcr g\u00fcnstige Wohnprojekte. Leerst\u00e4nde sollen konsequent erfasst und vermittelt werden. Ein Leerstandskataster sowie gezielte Zwischennutzungen \u2013 etwa durch Pop-up-Stores \u2013 k\u00f6nnen neue Impulse setzen.<\/p>\n\n\n\n<p>Zur Belebung der Innenstadt f\u00f6rdern wir regelm\u00e4\u00dfige Veranstaltungen, gr\u00fcne Pl\u00e4tze und den Ausbau fahrradfreundlicher Infrastruktur. Um die Emmericher Innenstadt f\u00fcr die Zukunft klimaresilient aufzustellen, fordern wir deutlich mehr Stadtbegr\u00fcnung, um Hitzeinseln zu vermeiden. <\/p>\n\n\n\n<p>Besonders wichtig ist uns die energetische Sanierung von Bestandsgeb\u00e4uden \u2013 nicht nur aus Klimaschutzgr\u00fcnden, sondern auch f\u00fcr ein besseres Stadtbild. Der Zweckentfremdung und \u00dcberbelegung von Wohnraum wollen wir entgegentreten ohne dabei die Schw\u00e4chsten aus den Augen zu verlieren.<\/p>\n\n\n\n<hr class=\"wp-block-separator has-text-color has-white-color has-alpha-channel-opacity has-white-background-color has-background\"\/>\n\n\n\n<h2 class=\"wp-block-heading\">Integration &amp; Inklusion<\/h2>\n\n\n\n<figure class=\"wp-block-image size-large\"><img loading=\"lazy\" decoding=\"async\" width=\"1024\" height=\"683\" src=\"https:\/\/wordpress02.gcms.verdigado.net\/gruene-emmerich\/wp-content\/uploads\/sites\/284\/2025\/05\/tim-mossholder-ZFXZ_xMYTZs-unsplash-1024x683.jpg\" alt=\"\" class=\"wp-image-286\" srcset=\"https:\/\/gruene-emmerich.de\/wp-content\/uploads\/sites\/284\/2025\/05\/tim-mossholder-ZFXZ_xMYTZs-unsplash-1024x683.jpg 1024w, https:\/\/gruene-emmerich.de\/wp-content\/uploads\/sites\/284\/2025\/05\/tim-mossholder-ZFXZ_xMYTZs-unsplash-300x200.jpg 300w, https:\/\/gruene-emmerich.de\/wp-content\/uploads\/sites\/284\/2025\/05\/tim-mossholder-ZFXZ_xMYTZs-unsplash-768x512.jpg 768w, https:\/\/gruene-emmerich.de\/wp-content\/uploads\/sites\/284\/2025\/05\/tim-mossholder-ZFXZ_xMYTZs-unsplash-1536x1024.jpg 1536w\" sizes=\"auto, (max-width: 1024px) 100vw, 1024px\" \/><\/figure>\n\n\n\n<p><\/p>\n\n\n\n<p>Du geh\u00f6rst dazu. Emmerich soll eine Stadt f\u00fcr alle sein \u2013 unabh\u00e4ngig von Herkunft, Alter, Einschr\u00e4nkungen oder sozialem Status. Wir setzen uns f\u00fcr ein gleichberechtigtes und respektvolles Miteinander ein.<\/p>\n\n\n\n<p>Barrierefreiheit ist kein Luxus, sondern eine Voraussetzung f\u00fcr Teilhabe. Wir fordern barrierefreie Bushaltestellen, Wege, Wohnungen und \u00f6ffentliche Geb\u00e4ude. Alternative, inklusive Wohnformen m\u00fcssen gef\u00f6rdert werden. Auch die Erreichbarkeit des MVZ muss verbessert und Stolperfallen im Stadtbild beseitigt werden.<\/p>\n\n\n\n<p>Spracherwerb ist der Schl\u00fcssel zur Integration. Deshalb fordern wir mehr niedrigschwellige Sprachkursangebote. Gefl\u00fcchtete Menschen sollen fr\u00fcher arbeiten d\u00fcrfen, um ihren Lebensunterhalt selbst zu bestreiten und Teil der Gesellschaft zu werden. Wir setzen uns au\u00dferdem f\u00fcr bessere Lebensbedingungen von Obdachlosen und Leiharbeiter:innen ein.<\/p>\n\n\n\n<p>Mit interkulturellen Veranstaltungen wollen wir den Dialog f\u00f6rdern, Vorurteile abbauen und Zusammenhalt st\u00e4rken \u2013 f\u00fcr ein offenes, solidarisches Emmerich.<\/p>\n","protected":false},"excerpt":{"rendered":"<p>Umwelt, Klima &amp; Energie Emmerich soll Vorreiter im lokalen Umwelt- und Klimaschutz werden. Unser Ziel ist es, eine lebenswerte Zukunft f\u00fcr alle Generationen zu sichern. Das gelingt nur durch konsequente [&hellip;]<\/p>\n","protected":false},"author":618,"featured_media":0,"parent":0,"menu_order":0,"comment_status":"closed","ping_status":"closed","template":"","meta":{"footnotes":""},"class_list":["post-153","page","type-page","status-publish","hentry"],"_links":{"self":[{"href":"https:\/\/gruene-emmerich.de\/index.php?rest_route=\/wp\/v2\/pages\/153","targetHints":{"allow":["GET"]}}],"collection":[{"href":"https:\/\/gruene-emmerich.de\/index.php?rest_route=\/wp\/v2\/pages"}],"about":[{"href":"https:\/\/gruene-emmerich.de\/index.php?rest_route=\/wp\/v2\/types\/page"}],"author":[{"embeddable":true,"href":"https:\/\/gruene-emmerich.de\/index.php?rest_route=\/wp\/v2\/users\/618"}],"replies":[{"embeddable":true,"href":"https:\/\/gruene-emmerich.de\/index.php?rest_route=%2Fwp%2Fv2%2Fcomments&post=153"}],"version-history":[{"count":34,"href":"https:\/\/gruene-emmerich.de\/index.php?rest_route=\/wp\/v2\/pages\/153\/revisions"}],"predecessor-version":[{"id":459,"href":"https:\/\/gruene-emmerich.de\/index.php?rest_route=\/wp\/v2\/pages\/153\/revisions\/459"}],"wp:attachment":[{"href":"https:\/\/gruene-emmerich.de\/index.php?rest_route=%2Fwp%2Fv2%2Fmedia&parent=153"}],"curies":[{"name":"wp","href":"https:\/\/api.w.org\/{rel}","templated":true}]}}