{"id":418,"date":"2025-06-26T08:58:54","date_gmt":"2025-06-26T06:58:54","guid":{"rendered":"https:\/\/gruene-emmerich.de\/?page_id=418"},"modified":"2025-06-26T09:22:03","modified_gmt":"2025-06-26T07:22:03","slug":"spenden-fuer-gruen","status":"publish","type":"page","link":"https:\/\/gruene-emmerich.de\/?page_id=418","title":{"rendered":"Spende f\u00fcr Gr\u00fcn"},"content":{"rendered":"\n<figure class=\"wp-block-image size-large\"><img loading=\"lazy\" decoding=\"async\" width=\"1024\" height=\"683\" src=\"https:\/\/gruene-emmerich.de\/wp-content\/uploads\/sites\/284\/2025\/06\/spende-1024x683.jpg\" alt=\"\" class=\"wp-image-424\" srcset=\"https:\/\/gruene-emmerich.de\/wp-content\/uploads\/sites\/284\/2025\/06\/spende-1024x683.jpg 1024w, https:\/\/gruene-emmerich.de\/wp-content\/uploads\/sites\/284\/2025\/06\/spende-300x200.jpg 300w, https:\/\/gruene-emmerich.de\/wp-content\/uploads\/sites\/284\/2025\/06\/spende-768x512.jpg 768w, https:\/\/gruene-emmerich.de\/wp-content\/uploads\/sites\/284\/2025\/06\/spende-1536x1024.jpg 1536w, https:\/\/gruene-emmerich.de\/wp-content\/uploads\/sites\/284\/2025\/06\/spende-2048x1365.jpg 2048w\" sizes=\"auto, (max-width: 1024px) 100vw, 1024px\" \/><\/figure>\n\n\n\n<p><\/p>\n\n\n\n<p><strong>Gemeinsam Zukunft gestalten \u2013 mit Deiner Unterst\u00fctzung!<\/strong><br>Mit Deiner Spende hilfst Du, politische Ver\u00e4nderungen voranzutreiben. Setz Dich f\u00fcr konsequenten Klimaschutz, eine gelingende Energiewende, nachhaltiges Wirtschaften ein sowie eine gerechte und moderne Gesellschaft \u2013 f\u00fcr eine Politik mit Herz und Verantwortung.<\/p>\n\n\n\n<p>Schon mit kleinen Spenden kannst Du einen wichtigen Beitrag leisten.<br>Weil wir GR\u00dcNE gr\u00f6\u00dftenteils keine gro\u00dfen Spenden aus der Wirtschaft erhalten, finanzieren wir unsere Arbeit vor allem durch Mitgliedsbeitr\u00e4ge, viele kleine Spenden und staatliche Zusch\u00fcsse.<\/p>\n\n\n\n<p><strong>Jede Hilfe z\u00e4hlt \u2013 danke, dass Du dabei bist!<\/strong><\/p>\n\n\n\n<hr class=\"wp-block-separator has-text-color has-white-color has-alpha-channel-opacity has-white-background-color has-background\"\/>\n\n\n\n<h3 class=\"wp-block-heading has-tanne-color has-text-color has-link-color wp-elements-4c8d27e4bfe369386724e41ffaf0073e\"><strong>Einfach per (Online-) \u00dcberweisung auf unser Spendenkonto:<\/strong><\/h3>\n\n\n\n<p><\/p>\n\n\n\n<p>B\u00fcndnis 90\/Die Gr\u00fcnen \u2013 Ortsverband Emmerich<br>Volksbank Emmerich-Rees e.G.<br>IBAN: DE80 3586 0245 3004 0660 13<br>BIC GENODED1EMR<\/p>\n\n\n\n<p><\/p>\n\n\n\n<p class=\"has-tanne-color has-text-color has-link-color wp-elements-e2f1bc658dbb3b0c1ed57cb4ba2b407f\"><strong>Bitte im Feld \u201eVerwendungszweck\u201c der \u00dcberweisung deinen Namen und deine vollst\u00e4ndige Anschrift angeben.<\/strong><\/p>\n\n\n\n<p><\/p>\n","protected":false},"excerpt":{"rendered":"<p>Gemeinsam Zukunft gestalten \u2013 mit Deiner Unterst\u00fctzung!Mit Deiner Spende hilfst Du, politische Ver\u00e4nderungen voranzutreiben. Setz Dich f\u00fcr konsequenten Klimaschutz, eine gelingende Energiewende, nachhaltiges Wirtschaften ein sowie eine gerechte und moderne [&hellip;]<\/p>\n","protected":false},"author":618,"featured_media":0,"parent":0,"menu_order":0,"comment_status":"closed","ping_status":"closed","template":"","meta":{"footnotes":""},"class_list":["post-418","page","type-page","status-publish","hentry"],"_links":{"self":[{"href":"https:\/\/gruene-emmerich.de\/index.php?rest_route=\/wp\/v2\/pages\/418","targetHints":{"allow":["GET"]}}],"collection":[{"href":"https:\/\/gruene-emmerich.de\/index.php?rest_route=\/wp\/v2\/pages"}],"about":[{"href":"https:\/\/gruene-emmerich.de\/index.php?rest_route=\/wp\/v2\/types\/page"}],"author":[{"embeddable":true,"href":"https:\/\/gruene-emmerich.de\/index.php?rest_route=\/wp\/v2\/users\/618"}],"replies":[{"embeddable":true,"href":"https:\/\/gruene-emmerich.de\/index.php?rest_route=%2Fwp%2Fv2%2Fcomments&post=418"}],"version-history":[{"count":12,"href":"https:\/\/gruene-emmerich.de\/index.php?rest_route=\/wp\/v2\/pages\/418\/revisions"}],"predecessor-version":[{"id":435,"href":"https:\/\/gruene-emmerich.de\/index.php?rest_route=\/wp\/v2\/pages\/418\/revisions\/435"}],"wp:attachment":[{"href":"https:\/\/gruene-emmerich.de\/index.php?rest_route=%2Fwp%2Fv2%2Fmedia&parent=418"}],"curies":[{"name":"wp","href":"https:\/\/api.w.org\/{rel}","templated":true}]}}