{"id":5,"date":"2024-01-18T09:12:33","date_gmt":"2024-01-18T08:12:33","guid":{"rendered":"https:\/\/wordpress02.gcms.verdigado.net\/gruene-emmerich\/?page_id=5"},"modified":"2025-06-26T10:02:59","modified_gmt":"2025-06-26T08:02:59","slug":"startseite","status":"publish","type":"page","link":"https:\/\/gruene-emmerich.de\/","title":{"rendered":"Startseite"},"content":{"rendered":"\n<div class=\"wp-block-cover alignfull has-custom-content-position is-position-top-left is-light\" style=\"min-height:519px;aspect-ratio:unset;\"><img decoding=\"async\" class=\"wp-block-cover__image-background wp-image-382\" alt=\"\" src=\"https:\/\/sunflower-theme.de\/demo\/wp-content\/uploads\/sites\/6\/2021\/03\/matthias-oberholzer-gM5msl7rP2k-unsplash_s_crop-4.jpg\" style=\"object-position:52% 17%\" data-object-fit=\"cover\" data-object-position=\"52% 17%\"\/><span aria-hidden=\"true\" class=\"wp-block-cover__background has-background-dim-20 has-background-dim\"><\/span><div class=\"wp-block-cover__inner-container is-layout-flow wp-block-cover-is-layout-flow\">\n<h1 class=\"wp-block-heading alignfull has-text-align-center no-link has-sand-color has-text-color has-link-color wp-elements-978189e496480c53b610cd90c2fbfa2e\">Macht heute, was morgen z\u00e4hlt.<\/h1>\n\n\n\n<h2 class=\"wp-block-heading alignfull has-text-align-center has-sand-color has-text-color has-link-color wp-elements-aa686f3485e92ed0a813f274d73d8eb2\">Gemeinsam f\u00fcr ein gr\u00fcnes Emmerich am Rhein.<\/h2>\n\n\n\n<div class=\"wp-block-columns is-layout-flex wp-container-core-columns-is-layout-9d6595d7 wp-block-columns-is-layout-flex\">\n<div class=\"wp-block-column is-layout-flow wp-block-column-is-layout-flow\"><\/div>\n<\/div>\n<\/div><\/div>\n\n\n\n<div class=\"wp-block-group is-layout-flow wp-block-group-is-layout-flow\">\n<div class=\"wp-block-columns is-layout-flex wp-container-core-columns-is-layout-9d6595d7 wp-block-columns-is-layout-flex\">\n<div class=\"wp-block-column is-layout-flow wp-block-column-is-layout-flow\">\n<h2 class=\"wp-block-heading h1\" id=\"first-content\">Herzlich<br>Willkommen<\/h2>\n\n\n\n<h3 class=\"wp-block-heading h4\">bei den GR\u00dcNEN in EMMERICH am Rhein.<\/h3>\n<\/div>\n\n\n\n<div class=\"wp-block-column is-layout-flow wp-block-column-is-layout-flow\">\n<p>Echter Klimaschutz und ein lebenswertes Emmerich am Rhein sind uns ebenso wichtig wie eine \u00f6kologische, nachhaltige und soziale Gesellschaft. Wir sch\u00e4tzen unsere vielf\u00e4ltige Stadt. <\/p>\n\n\n\n<p>Gemeinsam verteidigen wir Demokratie, Freiheit, Frieden und Sicherheit. Es gibt viel zu tun. <\/p>\n\n\n\n<p>Bei uns als Mitmach-Partei z\u00e4hlt jeder Beitrag. Ob als Mitglied, mit einer Spende oder Unterst\u00fctzung im Wahlkampf \u2013 es gibt viele M\u00f6glichkeiten, sich zu engagieren.<\/p>\n\n\n\n<p>Du hast den Wunsch deine Ideen, dein Wissen und deine Erfahrung bei uns einzubringen? Sehr gerne, dein Engagement ist f\u00fcr uns von gro\u00dfer Bedeutung. Du bist herzlich willkommen dich bei uns einzubringen. <\/p>\n\n\n\n<p>Macht, was morgen z\u00e4hlt. Gestalte mit uns die Zukunft!<\/p>\n<\/div>\n<\/div>\n\n\n\n<div class=\"wp-block-group same-height has-white-background-color has-background is-layout-flow wp-block-group-is-layout-flow\">\n<h2 class=\"wp-block-heading h1\">Unsere Themen<\/h2>\n\n\n\n<div class=\"wp-block-columns is-layout-flex wp-container-core-columns-is-layout-9d6595d7 wp-block-columns-is-layout-flex\">\n<div class=\"wp-block-column is-layout-flow wp-block-column-is-layout-flow\">\n<figure class=\"wp-block-image size-large is-style-default\"><img loading=\"lazy\" decoding=\"async\" width=\"1024\" height=\"683\" src=\"https:\/\/wordpress02.gcms.verdigado.net\/gruene-emmerich\/wp-content\/uploads\/sites\/284\/2025\/05\/karsten-wurth-0w-uTa0Xz7w-unsplash-1024x683.jpg\" alt=\"\" class=\"wp-image-220\" srcset=\"https:\/\/gruene-emmerich.de\/wp-content\/uploads\/sites\/284\/2025\/05\/karsten-wurth-0w-uTa0Xz7w-unsplash-1024x683.jpg 1024w, https:\/\/gruene-emmerich.de\/wp-content\/uploads\/sites\/284\/2025\/05\/karsten-wurth-0w-uTa0Xz7w-unsplash-300x200.jpg 300w, https:\/\/gruene-emmerich.de\/wp-content\/uploads\/sites\/284\/2025\/05\/karsten-wurth-0w-uTa0Xz7w-unsplash-768x512.jpg 768w, https:\/\/gruene-emmerich.de\/wp-content\/uploads\/sites\/284\/2025\/05\/karsten-wurth-0w-uTa0Xz7w-unsplash-1536x1024.jpg 1536w, https:\/\/gruene-emmerich.de\/wp-content\/uploads\/sites\/284\/2025\/05\/karsten-wurth-0w-uTa0Xz7w-unsplash-2048x1365.jpg 2048w\" sizes=\"auto, (max-width: 1024px) 100vw, 1024px\" \/><\/figure>\n\n\n\n<h4 class=\"wp-block-heading h2 mt-4\">Umwelt, Klima &amp; Energie<\/h4>\n\n\n\n<p>Emmerich soll Vorreiter im lokalen Klima- und Umweltschutz werden. Wir setzen auf erneuerbare Energien, kommunale W\u00e4rmeplanung, Artenvielfalt und innovative L\u00f6sungen wie Photovoltaik und Speichertechnologien \u2013 f\u00fcr eine lebenswerte, nachhaltige Zukunft f\u00fcr alle Generationen.<\/p>\n\n\n\n<div class=\"wp-block-buttons is-layout-flex wp-block-buttons-is-layout-flex\">\n<div class=\"wp-block-button\"><a class=\"wp-block-button__link wp-element-button\" href=\"https:\/\/gruene-emmerich.de\/?page_id=153\">Mehr erfahren<\/a><\/div>\n<\/div>\n<\/div>\n\n\n\n<div class=\"wp-block-column is-layout-flow wp-block-column-is-layout-flow\">\n<figure class=\"wp-block-image size-large\"><img loading=\"lazy\" decoding=\"async\" width=\"1024\" height=\"684\" src=\"https:\/\/wordpress02.gcms.verdigado.net\/gruene-emmerich\/wp-content\/uploads\/sites\/284\/2025\/05\/note-thanun-CYlPykF-qAM-unsplash-scaled-e1747733488368-1024x684.jpg\" alt=\"\" class=\"wp-image-245\" srcset=\"https:\/\/gruene-emmerich.de\/wp-content\/uploads\/sites\/284\/2025\/05\/note-thanun-CYlPykF-qAM-unsplash-scaled-e1747733488368-1024x684.jpg 1024w, https:\/\/gruene-emmerich.de\/wp-content\/uploads\/sites\/284\/2025\/05\/note-thanun-CYlPykF-qAM-unsplash-scaled-e1747733488368-300x200.jpg 300w, https:\/\/gruene-emmerich.de\/wp-content\/uploads\/sites\/284\/2025\/05\/note-thanun-CYlPykF-qAM-unsplash-scaled-e1747733488368-768x513.jpg 768w, https:\/\/gruene-emmerich.de\/wp-content\/uploads\/sites\/284\/2025\/05\/note-thanun-CYlPykF-qAM-unsplash-scaled-e1747733488368-1536x1026.jpg 1536w, https:\/\/gruene-emmerich.de\/wp-content\/uploads\/sites\/284\/2025\/05\/note-thanun-CYlPykF-qAM-unsplash-scaled-e1747733488368-2048x1368.jpg 2048w\" sizes=\"auto, (max-width: 1024px) 100vw, 1024px\" \/><\/figure>\n\n\n\n<h4 class=\"wp-block-heading h2 mt-4\">Jugend &amp; Bildung<\/h4>\n\n\n\n<p>Kinder und Jugendliche sind Emmerichs Zukunft. Wir setzen uns ein f\u00fcr gute Bildung, echte Beteiligung und attraktive Freizeitangebote \u2013 von Kita-Ausbau \u00fcber digitale und inklusive Schulen \u00fcber neue Freizeitaktivit\u00e4ten bis zur zweiten Jugendeinrichtung ein. Junge Menschen sollen geh\u00f6rt werden und ihre Stadt aktiv mitgestalten k\u00f6nnen.<\/p>\n\n\n\n<div class=\"wp-block-buttons is-layout-flex wp-block-buttons-is-layout-flex\">\n<div class=\"wp-block-button\"><a class=\"wp-block-button__link wp-element-button\" href=\"https:\/\/gruene-emmerich.de\/?page_id=153\">Mehr erfahren<\/a><\/div>\n<\/div>\n<\/div>\n\n\n\n<div class=\"wp-block-column is-layout-flow wp-block-column-is-layout-flow\">\n<figure class=\"wp-block-image size-large\"><img loading=\"lazy\" decoding=\"async\" width=\"1024\" height=\"683\" src=\"https:\/\/wordpress02.gcms.verdigado.net\/gruene-emmerich\/wp-content\/uploads\/sites\/284\/2025\/05\/Gruene-Home-Fahrrad-1-von-1-1024x683.jpg\" alt=\"\" class=\"wp-image-169\" srcset=\"https:\/\/gruene-emmerich.de\/wp-content\/uploads\/sites\/284\/2025\/05\/Gruene-Home-Fahrrad-1-von-1-1024x683.jpg 1024w, https:\/\/gruene-emmerich.de\/wp-content\/uploads\/sites\/284\/2025\/05\/Gruene-Home-Fahrrad-1-von-1-300x200.jpg 300w, https:\/\/gruene-emmerich.de\/wp-content\/uploads\/sites\/284\/2025\/05\/Gruene-Home-Fahrrad-1-von-1-768x512.jpg 768w, https:\/\/gruene-emmerich.de\/wp-content\/uploads\/sites\/284\/2025\/05\/Gruene-Home-Fahrrad-1-von-1-1536x1024.jpg 1536w, https:\/\/gruene-emmerich.de\/wp-content\/uploads\/sites\/284\/2025\/05\/Gruene-Home-Fahrrad-1-von-1-2048x1365.jpg 2048w\" sizes=\"auto, (max-width: 1024px) 100vw, 1024px\" \/><\/figure>\n\n\n\n<h4 class=\"wp-block-heading h2 mt-4\">Verkehr &amp; Mobilit\u00e4t<\/h4>\n\n\n\n<p>F\u00fcr ein modernes Emmerich setzen wir auf nachhaltige Mobilit\u00e4t: sicherer Radverkehr, besserer \u00d6PNV, barrierefreie Wege und mehr Aufenthaltsqualit\u00e4t im Stadtzentrum. Mit smarter Planung, einem bedarfsgerechten  Verkehrsmittelmix und sicheren Stra\u00dfen gestalten wir eine Stadt, in der umweltfreundliche Fortbewegung zur echten Alternative wird \u2013 f\u00fcr alle.<\/p>\n\n\n\n<div class=\"wp-block-buttons is-layout-flex wp-block-buttons-is-layout-flex\">\n<div class=\"wp-block-button\"><a class=\"wp-block-button__link wp-element-button\" href=\"https:\/\/gruene-emmerich.de\/?page_id=153\">Mehr erfahren<\/a><\/div>\n<\/div>\n\n\n\n<div class=\"wp-block-columns is-layout-flex wp-container-core-columns-is-layout-9d6595d7 wp-block-columns-is-layout-flex\">\n<div class=\"wp-block-column is-layout-flow wp-block-column-is-layout-flow\"><\/div>\n<\/div>\n<\/div>\n<\/div>\n\n\n\n<hr class=\"wp-block-separator has-text-color has-white-color has-alpha-channel-opacity has-white-background-color has-background\"\/>\n\n\n\n<div class=\"wp-block-columns is-layout-flex wp-container-core-columns-is-layout-9d6595d7 wp-block-columns-is-layout-flex\">\n<div class=\"wp-block-column is-layout-flow wp-block-column-is-layout-flow\">\n<figure class=\"wp-block-image size-large is-style-default\"><img loading=\"lazy\" decoding=\"async\" width=\"1024\" height=\"683\" src=\"https:\/\/wordpress02.gcms.verdigado.net\/gruene-emmerich\/wp-content\/uploads\/sites\/284\/2025\/05\/christopher-burns-8KfCR12oeUM-unsplash-1024x683.jpg\" alt=\"\" class=\"wp-image-222\" srcset=\"https:\/\/gruene-emmerich.de\/wp-content\/uploads\/sites\/284\/2025\/05\/christopher-burns-8KfCR12oeUM-unsplash-1024x683.jpg 1024w, https:\/\/gruene-emmerich.de\/wp-content\/uploads\/sites\/284\/2025\/05\/christopher-burns-8KfCR12oeUM-unsplash-300x200.jpg 300w, https:\/\/gruene-emmerich.de\/wp-content\/uploads\/sites\/284\/2025\/05\/christopher-burns-8KfCR12oeUM-unsplash-768x512.jpg 768w, https:\/\/gruene-emmerich.de\/wp-content\/uploads\/sites\/284\/2025\/05\/christopher-burns-8KfCR12oeUM-unsplash-1536x1024.jpg 1536w, https:\/\/gruene-emmerich.de\/wp-content\/uploads\/sites\/284\/2025\/05\/christopher-burns-8KfCR12oeUM-unsplash-2048x1365.jpg 2048w\" sizes=\"auto, (max-width: 1024px) 100vw, 1024px\" \/><\/figure>\n\n\n\n<h4 class=\"wp-block-heading h2 mt-4\">Arbeit &amp; Wirtschaft<\/h4>\n\n\n\n<p>F\u00fcr eine zukunftsf\u00e4hige Wirtschaft setzen wir auf Innovation, Klimaschutz und soziale Gerechtigkeit. Wir f\u00f6rdern gr\u00fcne Unternehmen, B\u00fcrgerenergieprojekte, digitale Verwaltung und umweltfreundlichen Tourismus \u2013 f\u00fcr ein nachhaltiges Emmerich mit starken Ideen und kurzen Wegen.<\/p>\n\n\n\n<div class=\"wp-block-buttons is-layout-flex wp-block-buttons-is-layout-flex\">\n<div class=\"wp-block-button\"><a class=\"wp-block-button__link wp-element-button\" href=\"https:\/\/gruene-emmerich.de\/?page_id=153\">Mehr erfahren<\/a><\/div>\n<\/div>\n<\/div>\n\n\n\n<div class=\"wp-block-column is-layout-flow wp-block-column-is-layout-flow\">\n<figure class=\"wp-block-image size-large\"><img loading=\"lazy\" decoding=\"async\" width=\"1024\" height=\"660\" src=\"https:\/\/wordpress02.gcms.verdigado.net\/gruene-emmerich\/wp-content\/uploads\/sites\/284\/2025\/05\/uitbundig-yxiP843xyrI-unsplash-1024x660.jpg\" alt=\"\" class=\"wp-image-285\" srcset=\"https:\/\/gruene-emmerich.de\/wp-content\/uploads\/sites\/284\/2025\/05\/uitbundig-yxiP843xyrI-unsplash-1024x660.jpg 1024w, https:\/\/gruene-emmerich.de\/wp-content\/uploads\/sites\/284\/2025\/05\/uitbundig-yxiP843xyrI-unsplash-300x193.jpg 300w, https:\/\/gruene-emmerich.de\/wp-content\/uploads\/sites\/284\/2025\/05\/uitbundig-yxiP843xyrI-unsplash-768x495.jpg 768w, https:\/\/gruene-emmerich.de\/wp-content\/uploads\/sites\/284\/2025\/05\/uitbundig-yxiP843xyrI-unsplash-1536x989.jpg 1536w, https:\/\/gruene-emmerich.de\/wp-content\/uploads\/sites\/284\/2025\/05\/uitbundig-yxiP843xyrI-unsplash-2048x1319.jpg 2048w\" sizes=\"auto, (max-width: 1024px) 100vw, 1024px\" \/><\/figure>\n\n\n\n<h4 class=\"wp-block-heading h2 mt-4\">Innenstadt &amp; Wohnen<\/h4>\n\n\n\n<p>Wir machen Emmerichs Innenstadt lebendig und lebenswert: mit bezahlbarem Wohnraum, gr\u00fcnen Pl\u00e4tzen, Pop-up-Stores, Veranstaltungen und besserer Radinfrastruktur. So schaffen wir Raum f\u00fcr Austausch, Begegnung und Klimaschutz \u2013 mitten in der Stadt.<\/p>\n\n\n\n<div class=\"wp-block-buttons is-layout-flex wp-block-buttons-is-layout-flex\">\n<div class=\"wp-block-button\"><a class=\"wp-block-button__link wp-element-button\" href=\"https:\/\/gruene-emmerich.de\/?page_id=153\">Mehr erfahren<\/a><\/div>\n<\/div>\n<\/div>\n\n\n\n<div class=\"wp-block-column is-layout-flow wp-block-column-is-layout-flow\">\n<figure class=\"wp-block-image size-large\"><img loading=\"lazy\" decoding=\"async\" width=\"1024\" height=\"683\" src=\"https:\/\/wordpress02.gcms.verdigado.net\/gruene-emmerich\/wp-content\/uploads\/sites\/284\/2025\/05\/tim-mossholder-ZFXZ_xMYTZs-unsplash-1024x683.jpg\" alt=\"\" class=\"wp-image-286\" srcset=\"https:\/\/gruene-emmerich.de\/wp-content\/uploads\/sites\/284\/2025\/05\/tim-mossholder-ZFXZ_xMYTZs-unsplash-1024x683.jpg 1024w, https:\/\/gruene-emmerich.de\/wp-content\/uploads\/sites\/284\/2025\/05\/tim-mossholder-ZFXZ_xMYTZs-unsplash-300x200.jpg 300w, https:\/\/gruene-emmerich.de\/wp-content\/uploads\/sites\/284\/2025\/05\/tim-mossholder-ZFXZ_xMYTZs-unsplash-768x512.jpg 768w, https:\/\/gruene-emmerich.de\/wp-content\/uploads\/sites\/284\/2025\/05\/tim-mossholder-ZFXZ_xMYTZs-unsplash-1536x1024.jpg 1536w\" sizes=\"auto, (max-width: 1024px) 100vw, 1024px\" \/><\/figure>\n\n\n\n<h4 class=\"wp-block-heading h2 mt-4\">Integration &amp; Inklusion<\/h4>\n\n\n\n<p>Emmerich soll eine Stadt f\u00fcr alle sein \u2013 barrierefrei, vielf\u00e4ltig und solidarisch. Wir f\u00f6rdern Teilhabe, Integration und alternative Wohnformen, setzen uns f\u00fcr Inklusion ein und st\u00e4rken den sozialen Zusammenhalt durch Dialog und gegenseitigen Respekt.<\/p>\n\n\n\n<div class=\"wp-block-buttons is-layout-flex wp-block-buttons-is-layout-flex\">\n<div class=\"wp-block-button\"><a class=\"wp-block-button__link wp-element-button\" href=\"https:\/\/gruene-emmerich.de\/?page_id=153\">Mehr erfahren<\/a><\/div>\n<\/div>\n<\/div>\n<\/div>\n<\/div>\n<\/div>\n\n\n\n<div class=\"wp-block-cover alignfull is-light\" style=\"min-height:265px;aspect-ratio:unset;\"><img loading=\"lazy\" decoding=\"async\" width=\"1024\" height=\"678\" class=\"wp-block-cover__image-background wp-image-160 size-large\" alt=\"\" src=\"https:\/\/wordpress02.gcms.verdigado.net\/gruene-emmerich\/wp-content\/uploads\/sites\/284\/2025\/05\/Gruene-Home-Mohn-1-von-1-1024x678.jpg\" style=\"object-position:53% 73%\" data-object-fit=\"cover\" data-object-position=\"53% 73%\" srcset=\"https:\/\/gruene-emmerich.de\/wp-content\/uploads\/sites\/284\/2025\/05\/Gruene-Home-Mohn-1-von-1-1024x678.jpg 1024w, https:\/\/gruene-emmerich.de\/wp-content\/uploads\/sites\/284\/2025\/05\/Gruene-Home-Mohn-1-von-1-300x199.jpg 300w, https:\/\/gruene-emmerich.de\/wp-content\/uploads\/sites\/284\/2025\/05\/Gruene-Home-Mohn-1-von-1-768x509.jpg 768w, https:\/\/gruene-emmerich.de\/wp-content\/uploads\/sites\/284\/2025\/05\/Gruene-Home-Mohn-1-von-1-1536x1018.jpg 1536w, https:\/\/gruene-emmerich.de\/wp-content\/uploads\/sites\/284\/2025\/05\/Gruene-Home-Mohn-1-von-1-2048x1357.jpg 2048w\" sizes=\"auto, (max-width: 1024px) 100vw, 1024px\" \/><span aria-hidden=\"true\" class=\"wp-block-cover__background has-background-dim\" style=\"background-color:#d6d3c9\"><\/span><div class=\"wp-block-cover__inner-container is-layout-flow wp-block-cover-is-layout-flow\">\n<p class=\"has-text-align-center has-large-font-size\"><a href=\"https:\/\/wordpress02.gcms.verdigado.net\/gruene-emmerich\/?page_id=101\" data-type=\"page\" data-id=\"101\">Aktuelles<\/a><\/p>\n<\/div><\/div>\n\n\n\n<hr class=\"wp-block-separator has-text-color has-white-color has-alpha-channel-opacity has-white-background-color has-background\"\/>\n\n\n<div class=\"has-background latest-posts wp-block-sunflower-latest-posts\">\n        <div class=\"wp-block-group__inner-container\">\n            \n                <div class=\"row\" data-masonry='{\"percentPosition\": true }'><div class=\"col-md-6\">\n<article id=\"post-628\" class=\"bg-white mb-4 has-shadow post-628 post type-post status-publish format-standard has-post-thumbnail hentry category-aktuelles category-allgemein\">\n\t<div class=\"\">\n\t\t\t\t\t<div class=\"\">\n\t\t\t\t<a href=\"https:\/\/gruene-emmerich.de\/?p=628\" aria-label=\"Post Thumbnail\" rel=\"bookmark\">\n\t\t\t\t\t\t\t\t<img loading=\"lazy\" decoding=\"async\" width=\"768\" height=\"580\" src=\"https:\/\/gruene-emmerich.de\/wp-content\/uploads\/sites\/284\/2026\/03\/Hermine-sw-768x580.jpg\" class=\"post-thumbnail wp-post-image\" alt=\"Wir trauern um unsere Freundin und unser Ratsmitglied Hermine Swhajor\" \/>\n\n\t\t\t\t\t\t\t<\/a>\n\t\t\t<\/div>\n\t\t\t\t\t<div class=\"p-45\">\n\t\t\t<header class=\"entry-header mb-2\">\n\t\t\t\t\t\t\t\t<h2 class=\"card-title h4 mb-3\"><a href=\"https:\/\/gruene-emmerich.de\/?p=628\" rel=\"bookmark\">Wir trauern um unsere Freundin und unser Ratsmitglied Hermine Swhajor<\/a><\/h2>\t\t\t\t\t<div class=\"entry-meta mb-3\">\n\t\t\t\t\t\t<span class=\"posted-on\"><time class=\"entry-date published\" datetime=\"2026-03-01T12:00:00+01:00\">1. M\u00e4rz 2026<\/time><time class=\"updated\" datetime=\"2026-03-21T08:33:33+01:00\">21. M\u00e4rz 2026<\/time><\/span>\t\t\t\t\t<\/div><!-- .entry-meta -->\n\t\t\t\t\t\t\t\t<\/header><!-- .entry-header -->\n\n\t\t\t<div class=\"entry-content\">\n\t\t\t\t<a href=\"https:\/\/gruene-emmerich.de\/?p=628\" rel=\"bookmark\">\n\t\t\t\t<p>Nachruf Mit Hermine verlieren wir eine engagierte Mitstreiterin, die sich mit viel Herzblut und Pflichtbewusstsein f\u00fcr die gr\u00fcnen Themen und f\u00fcr unsere Stadt bis zuletzt eingesetzt hat. Unser Mitgef\u00fchl gilt [&hellip;]<\/p>\n\t\t\t\t<\/a>\n\t\t\t<\/div><!-- .entry-content -->\n\n\t\t\t<footer class=\"entry-footer\">\n\t\t\t\t\t\t\t<div class=\"d-flex mt-2 mb-2\">\n\t\t\t\t\t\t\t\t<div>\n\t\t<span class=\"cat-links small\"><a href=\"https:\/\/gruene-emmerich.de\/?cat=6\" rel=\"category\">Aktuelles<\/a>, <a href=\"https:\/\/gruene-emmerich.de\/?cat=1\" rel=\"category\">Allgemein<\/a><\/span>\n\t\t\t\t<\/div>\n\t\t\t<\/div>\n\t\t\n\t\t\t\t<div class=\"d-flex flex-row-reverse\">\n\t\t\t\t\t<a href=\"https:\/\/gruene-emmerich.de\/?p=628\" rel=\"bookmark\" class=\"continue-reading\">\n\t\t\t\t\tweiterlesen\t\t\t\t<\/a>\n\t\t\t\t<\/div>\n\t\t\t<\/footer><!-- .entry-footer -->\n\t\t<\/div>\n\t<\/div>\n<\/article><!-- #post-628 -->\n<\/div><div class=\"col-md-6\">\n<article id=\"post-617\" class=\"bg-white mb-4 has-shadow post-617 post type-post status-publish format-standard has-post-thumbnail hentry category-aktuelles category-allgemein\">\n\t<div class=\"\">\n\t\t\t\t\t<div class=\"\">\n\t\t\t\t<a href=\"https:\/\/gruene-emmerich.de\/?p=617\" aria-label=\"Post Thumbnail\" rel=\"bookmark\">\n\t\t\t\t\t\t\t\t<img loading=\"lazy\" decoding=\"async\" width=\"768\" height=\"576\" src=\"https:\/\/gruene-emmerich.de\/wp-content\/uploads\/sites\/284\/2026\/02\/Haushaltsrede-2026-2027-1-768x576.jpg\" class=\"post-thumbnail wp-post-image\" alt=\"Haushaltsrede 2026\/2027\" \/>\n\n\t\t\t\t\t\t\t<\/a>\n\t\t\t<\/div>\n\t\t\t\t\t<div class=\"p-45\">\n\t\t\t<header class=\"entry-header mb-2\">\n\t\t\t\t\t\t\t\t<h2 class=\"card-title h4 mb-3\"><a href=\"https:\/\/gruene-emmerich.de\/?p=617\" rel=\"bookmark\">Haushaltsrede 2026\/2027<\/a><\/h2>\t\t\t\t\t<div class=\"entry-meta mb-3\">\n\t\t\t\t\t\t<span class=\"posted-on\"><time class=\"entry-date published\" datetime=\"2026-02-24T20:08:00+01:00\">24. Februar 2026<\/time><time class=\"updated\" datetime=\"2026-02-25T08:11:23+01:00\">25. Februar 2026<\/time><\/span>\t\t\t\t\t<\/div><!-- .entry-meta -->\n\t\t\t\t\t\t\t\t<\/header><!-- .entry-header -->\n\n\t\t\t<div class=\"entry-content\">\n\t\t\t\t<a href=\"https:\/\/gruene-emmerich.de\/?p=617\" rel=\"bookmark\">\n\t\t\t\t<p>Sehr geehrte Frau B\u00fcrgermeisterin,&nbsp; werte Kolleginnen und Kollegen im Rat, werte G\u00e4ste, es ist f\u00fcnf vor zw\u00f6lf! Unser K\u00e4mmerer und unser Beigeordneter haben uns deutlich die alarmierende Zahlen vor Augen [&hellip;]<\/p>\n\t\t\t\t<\/a>\n\t\t\t<\/div><!-- .entry-content -->\n\n\t\t\t<footer class=\"entry-footer\">\n\t\t\t\t\t\t\t<div class=\"d-flex mt-2 mb-2\">\n\t\t\t\t\t\t\t\t<div>\n\t\t<span class=\"cat-links small\"><a href=\"https:\/\/gruene-emmerich.de\/?cat=6\" rel=\"category\">Aktuelles<\/a>, <a href=\"https:\/\/gruene-emmerich.de\/?cat=1\" rel=\"category\">Allgemein<\/a><\/span>\n\t\t\t\t<\/div>\n\t\t\t<\/div>\n\t\t\n\t\t\t\t<div class=\"d-flex flex-row-reverse\">\n\t\t\t\t\t<a href=\"https:\/\/gruene-emmerich.de\/?p=617\" rel=\"bookmark\" class=\"continue-reading\">\n\t\t\t\t\tweiterlesen\t\t\t\t<\/a>\n\t\t\t\t<\/div>\n\t\t\t<\/footer><!-- .entry-footer -->\n\t\t<\/div>\n\t<\/div>\n<\/article><!-- #post-617 -->\n<\/div><div class=\"col-md-6\">\n<article id=\"post-594\" class=\"bg-white mb-4 has-shadow post-594 post type-post status-publish format-standard has-post-thumbnail hentry category-aktuelles\">\n\t<div class=\"\">\n\t\t\t\t\t<div class=\"\">\n\t\t\t\t<a href=\"https:\/\/gruene-emmerich.de\/?p=594\" aria-label=\"Post Thumbnail\" rel=\"bookmark\">\n\t\t\t\t\t\t\t\t<img loading=\"lazy\" decoding=\"async\" width=\"768\" height=\"576\" src=\"https:\/\/gruene-emmerich.de\/wp-content\/uploads\/sites\/284\/2025\/11\/30kmh-768x576.jpg\" class=\"post-thumbnail wp-post-image\" alt=\"Tempo 30 in der Emmericher Innenstadt &#8211; f\u00fcr mehr Sicherheit und Lebensqualit\u00e4t\" \/>\n\n\t\t\t\t\t\t\t<\/a>\n\t\t\t<\/div>\n\t\t\t\t\t<div class=\"p-45\">\n\t\t\t<header class=\"entry-header mb-2\">\n\t\t\t\t\t\t\t\t<h2 class=\"card-title h4 mb-3\"><a href=\"https:\/\/gruene-emmerich.de\/?p=594\" rel=\"bookmark\">Tempo 30 in der Emmericher Innenstadt &#8211; f\u00fcr mehr Sicherheit und Lebensqualit\u00e4t<\/a><\/h2>\t\t\t\t\t<div class=\"entry-meta mb-3\">\n\t\t\t\t\t\t<span class=\"posted-on\"><time class=\"entry-date published updated\" datetime=\"2025-11-29T10:35:42+01:00\">29. November 2025<\/time><\/span>\t\t\t\t\t<\/div><!-- .entry-meta -->\n\t\t\t\t\t\t\t\t<\/header><!-- .entry-header -->\n\n\t\t\t<div class=\"entry-content\">\n\t\t\t\t<a href=\"https:\/\/gruene-emmerich.de\/?p=594\" rel=\"bookmark\">\n\t\t\t\t<p>Die Emmericher Innenstadt soll ein Ort sein, an dem sich alle Menschen sicher und entspannt bewegen k\u00f6nnen \u2013 zu Fu\u00df, mit dem Rad, mit dem Rollstuhl oder im Auto. Doch [&hellip;]<\/p>\n\t\t\t\t<\/a>\n\t\t\t<\/div><!-- .entry-content -->\n\n\t\t\t<footer class=\"entry-footer\">\n\t\t\t\t\t\t\t<div class=\"d-flex mt-2 mb-2\">\n\t\t\t\t\t\t\t\t<div>\n\t\t<span class=\"cat-links small\"><a href=\"https:\/\/gruene-emmerich.de\/?cat=6\" rel=\"category\">Aktuelles<\/a><\/span>\n\t\t\t\t<\/div>\n\t\t\t<\/div>\n\t\t\n\t\t\t\t<div class=\"d-flex flex-row-reverse\">\n\t\t\t\t\t<a href=\"https:\/\/gruene-emmerich.de\/?p=594\" rel=\"bookmark\" class=\"continue-reading\">\n\t\t\t\t\tweiterlesen\t\t\t\t<\/a>\n\t\t\t\t<\/div>\n\t\t\t<\/footer><!-- .entry-footer -->\n\t\t<\/div>\n\t<\/div>\n<\/article><!-- #post-594 -->\n<\/div><div class=\"col-md-6\">\n<article id=\"post-558\" class=\"bg-white mb-4 has-shadow post-558 post type-post status-publish format-standard has-post-thumbnail hentry category-aktuelles\">\n\t<div class=\"\">\n\t\t\t\t\t<div class=\"\">\n\t\t\t\t<a href=\"https:\/\/gruene-emmerich.de\/?p=558\" aria-label=\"Post Thumbnail\" rel=\"bookmark\">\n\t\t\t\t\t\t\t\t<img loading=\"lazy\" decoding=\"async\" width=\"768\" height=\"432\" src=\"https:\/\/gruene-emmerich.de\/wp-content\/uploads\/sites\/284\/2025\/09\/marek-lumi-G2Ahdf1j0nw-unsplash-768x432.jpg\" class=\"post-thumbnail wp-post-image\" alt=\"Mehr Gr\u00fcn und Aufenthaltsqualit\u00e4t f\u00fcr Emmerichs Innenstadt\" \/>\n\n\t\t\t\t\t\t\t<\/a>\n\t\t\t<\/div>\n\t\t\t\t\t<div class=\"p-45\">\n\t\t\t<header class=\"entry-header mb-2\">\n\t\t\t\t\t\t\t\t<h2 class=\"card-title h4 mb-3\"><a href=\"https:\/\/gruene-emmerich.de\/?p=558\" rel=\"bookmark\">Mehr Gr\u00fcn und Aufenthaltsqualit\u00e4t f\u00fcr Emmerichs Innenstadt<\/a><\/h2>\t\t\t\t\t<div class=\"entry-meta mb-3\">\n\t\t\t\t\t\t<span class=\"posted-on\"><time class=\"entry-date published\" datetime=\"2025-09-03T16:59:23+02:00\">3. September 2025<\/time><time class=\"updated\" datetime=\"2025-09-03T16:59:24+02:00\">3. September 2025<\/time><\/span>\t\t\t\t\t<\/div><!-- .entry-meta -->\n\t\t\t\t\t\t\t\t<\/header><!-- .entry-header -->\n\n\t\t\t<div class=\"entry-content\">\n\t\t\t\t<a href=\"https:\/\/gruene-emmerich.de\/?p=558\" rel=\"bookmark\">\n\t\t\t\t<p>Die Emmericher Innenstadt ist an vielen Stellen stark versiegelt &#8211; viel Asphalt, wenig Gr\u00fcn. Gerade im Sommer bedeutet das Hitze, wenig Schatten und eine Aufenthaltsqualit\u00e4t, die besser sein k\u00f6nnte. Damit [&hellip;]<\/p>\n\t\t\t\t<\/a>\n\t\t\t<\/div><!-- .entry-content -->\n\n\t\t\t<footer class=\"entry-footer\">\n\t\t\t\t\t\t\t<div class=\"d-flex mt-2 mb-2\">\n\t\t\t\t\t\t\t\t<div>\n\t\t<span class=\"cat-links small\"><a href=\"https:\/\/gruene-emmerich.de\/?cat=6\" rel=\"category\">Aktuelles<\/a><\/span>\n\t\t\t\t<\/div>\n\t\t\t<\/div>\n\t\t\n\t\t\t\t<div class=\"d-flex flex-row-reverse\">\n\t\t\t\t\t<a href=\"https:\/\/gruene-emmerich.de\/?p=558\" rel=\"bookmark\" class=\"continue-reading\">\n\t\t\t\t\tweiterlesen\t\t\t\t<\/a>\n\t\t\t\t<\/div>\n\t\t\t<\/footer><!-- .entry-footer -->\n\t\t<\/div>\n\t<\/div>\n<\/article><!-- #post-558 -->\n<\/div><div class=\"col-md-6\">\n<article id=\"post-549\" class=\"bg-white mb-4 has-shadow post-549 post type-post status-publish format-standard has-post-thumbnail hentry category-aktuelles\">\n\t<div class=\"\">\n\t\t\t\t\t<div class=\"\">\n\t\t\t\t<a href=\"https:\/\/gruene-emmerich.de\/?p=549\" aria-label=\"Post Thumbnail\" rel=\"bookmark\">\n\t\t\t\t\t\t\t\t<img loading=\"lazy\" decoding=\"async\" width=\"768\" height=\"513\" src=\"https:\/\/gruene-emmerich.de\/wp-content\/uploads\/sites\/284\/2025\/08\/nathan-anderson-FHiJWoBodrs-unsplash-768x513.jpg\" class=\"post-thumbnail wp-post-image\" alt=\"Antrag im Rat: F\u00fcr den Erhalt des Freizeittreffs f\u00fcr Menschen mit Handicap\" \/>\n\n\t\t\t\t\t\t\t<\/a>\n\t\t\t<\/div>\n\t\t\t\t\t<div class=\"p-45\">\n\t\t\t<header class=\"entry-header mb-2\">\n\t\t\t\t\t\t\t\t<h2 class=\"card-title h4 mb-3\"><a href=\"https:\/\/gruene-emmerich.de\/?p=549\" rel=\"bookmark\">Antrag im Rat: F\u00fcr den Erhalt des Freizeittreffs f\u00fcr Menschen mit Handicap<\/a><\/h2>\t\t\t\t\t<div class=\"entry-meta mb-3\">\n\t\t\t\t\t\t<span class=\"posted-on\"><time class=\"entry-date published updated\" datetime=\"2025-08-20T17:28:44+02:00\">20. August 2025<\/time><\/span>\t\t\t\t\t<\/div><!-- .entry-meta -->\n\t\t\t\t\t\t\t\t<\/header><!-- .entry-header -->\n\n\t\t\t<div class=\"entry-content\">\n\t\t\t\t<a href=\"https:\/\/gruene-emmerich.de\/?p=549\" rel=\"bookmark\">\n\t\t\t\t<p>Wir haben im Rat der Stadt Emmerich einen Antrag gestellt, damit die Freizeittreffs f\u00fcr Menschen mit Handicap auch weiterhin bleiben. Hintergrund ist, dass die Lebenshilfe in Rees und Emmerich angek\u00fcndigt [&hellip;]<\/p>\n\t\t\t\t<\/a>\n\t\t\t<\/div><!-- .entry-content -->\n\n\t\t\t<footer class=\"entry-footer\">\n\t\t\t\t\t\t\t<div class=\"d-flex mt-2 mb-2\">\n\t\t\t\t\t\t\t\t<div>\n\t\t<span class=\"cat-links small\"><a href=\"https:\/\/gruene-emmerich.de\/?cat=6\" rel=\"category\">Aktuelles<\/a><\/span>\n\t\t\t\t<\/div>\n\t\t\t<\/div>\n\t\t\n\t\t\t\t<div class=\"d-flex flex-row-reverse\">\n\t\t\t\t\t<a href=\"https:\/\/gruene-emmerich.de\/?p=549\" rel=\"bookmark\" class=\"continue-reading\">\n\t\t\t\t\tweiterlesen\t\t\t\t<\/a>\n\t\t\t\t<\/div>\n\t\t\t<\/footer><!-- .entry-footer -->\n\t\t<\/div>\n\t<\/div>\n<\/article><!-- #post-549 -->\n<\/div><div class=\"col-md-6\">\n<article id=\"post-546\" class=\"bg-white mb-4 has-shadow post-546 post type-post status-publish format-standard has-post-thumbnail hentry category-aktuelles\">\n\t<div class=\"\">\n\t\t\t\t\t<div class=\"\">\n\t\t\t\t<a href=\"https:\/\/gruene-emmerich.de\/?p=546\" aria-label=\"Post Thumbnail\" rel=\"bookmark\">\n\t\t\t\t\t\t\t\t<img loading=\"lazy\" decoding=\"async\" width=\"768\" height=\"576\" src=\"https:\/\/gruene-emmerich.de\/wp-content\/uploads\/sites\/284\/2025\/08\/threema-20250804-110740432-768x576.jpg\" class=\"post-thumbnail wp-post-image\" alt=\"Gr\u00fcne Fietstour durch Emmerich\" \/>\n\n\t\t\t\t\t\t\t<\/a>\n\t\t\t<\/div>\n\t\t\t\t\t<div class=\"p-45\">\n\t\t\t<header class=\"entry-header mb-2\">\n\t\t\t\t\t\t\t\t<h2 class=\"card-title h4 mb-3\"><a href=\"https:\/\/gruene-emmerich.de\/?p=546\" rel=\"bookmark\">Gr\u00fcne Fietstour durch Emmerich<\/a><\/h2>\t\t\t\t\t<div class=\"entry-meta mb-3\">\n\t\t\t\t\t\t<span class=\"posted-on\"><time class=\"entry-date published updated\" datetime=\"2025-08-20T17:10:33+02:00\">20. August 2025<\/time><\/span>\t\t\t\t\t<\/div><!-- .entry-meta -->\n\t\t\t\t\t\t\t\t<\/header><!-- .entry-header -->\n\n\t\t\t<div class=\"entry-content\">\n\t\t\t\t<a href=\"https:\/\/gruene-emmerich.de\/?p=546\" rel=\"bookmark\">\n\t\t\t\t<p>Viele B\u00fcrger:innen folgten unserer Einladung zur gr\u00fcnen Fietstour \u2013 gemeinsam mit dem Landtagsabgeordneten Volkhard Wille und Oliver Reinders vom ADFC. Ziel war es, Emmerich aus der Perspektive der Radfahrer:innen zu [&hellip;]<\/p>\n\t\t\t\t<\/a>\n\t\t\t<\/div><!-- .entry-content -->\n\n\t\t\t<footer class=\"entry-footer\">\n\t\t\t\t\t\t\t<div class=\"d-flex mt-2 mb-2\">\n\t\t\t\t\t\t\t\t<div>\n\t\t<span class=\"cat-links small\"><a href=\"https:\/\/gruene-emmerich.de\/?cat=6\" rel=\"category\">Aktuelles<\/a><\/span>\n\t\t\t\t<\/div>\n\t\t\t<\/div>\n\t\t\n\t\t\t\t<div class=\"d-flex flex-row-reverse\">\n\t\t\t\t\t<a href=\"https:\/\/gruene-emmerich.de\/?p=546\" rel=\"bookmark\" class=\"continue-reading\">\n\t\t\t\t\tweiterlesen\t\t\t\t<\/a>\n\t\t\t\t<\/div>\n\t\t\t<\/footer><!-- .entry-footer -->\n\t\t<\/div>\n\t<\/div>\n<\/article><!-- #post-546 -->\n<\/div>\n    <a class=\"text-white no-link d-block bg-primary has-green-550-hover-background-color border-radius\" href=\"https:\/\/gruene-emmerich.de\/?cat=6\" rel=\"\">\n        <div class=\"p-45 row\">\n        <span class=\"continue-reading text-white text-center pt-0\">zum Blog-Archiv<\/span>\n        <\/div>\n    <\/a>\n<\/div><\/div><\/div>\n\n\n<hr class=\"wp-block-separator has-text-color has-white-color has-alpha-channel-opacity has-white-background-color has-background\"\/>\n\n\n\n<div class=\"wp-block-group has-text-color has-background is-layout-flow wp-block-group-is-layout-flow\" style=\"color:#ffffff;background-color:#163c29\">\n<h2 class=\"wp-block-heading has-text-align-center h1\">Werde aktiv<\/h2>\n\n\n\n<p class=\"has-text-align-center\">Zusammen setzen wir uns f\u00fcr Demokratie, Freiheit, Frieden und Sicherheit ein. Es liegt noch viel Arbeit vor uns, und als Mitmach-Partei ist dein Beitrag entscheidend. Ob als Mitglied, mit einer Spende oder im Wahlkampf \u2013 es gibt zahlreiche Wege, dich zu engagieren.<\/p>\n\n\n\n<div class=\"wp-block-buttons is-horizontal is-content-justification-center is-layout-flex wp-container-core-buttons-is-layout-499968f5 wp-block-buttons-is-layout-flex\">\n<div class=\"wp-block-button\"><a class=\"wp-block-button__link wp-element-button\" href=\"?post_type=sunflower_event\" rel=\"\">Termine<\/a><\/div>\n\n\n\n<div class=\"wp-block-button\"><a class=\"wp-block-button__link wp-element-button\" href=\"https:\/\/gruene-emmerich.de\/?page_id=418\">Spenden<\/a><\/div>\n\n\n\n<div class=\"wp-block-button\"><a class=\"wp-block-button__link wp-element-button\" href=\"https:\/\/www.gruene.de\/mitglied-werden\" target=\"_blank\" rel=\"noreferrer noopener\">Mitglied werden<\/a><\/div>\n<\/div>\n<\/div>\n\n\n\n<hr class=\"wp-block-separator has-text-color has-white-color has-alpha-channel-opacity has-white-background-color has-background\"\/>\n\n\n <div class=\"wp-block-group alignfull sunflower-has-background-dim has-text-color has-white-color has-background is-vertical is-content-justification-center is-content-justification-center is-layout-flex wp-block-group-is-layout-flex next-events \">\n                    <div class=\"wp-block-group__inner-container\">\n                        <h2 class=\"wp-block-heading has-text-align-center h1\">N\u00e4chste Termine<\/h2>\n                        <div class=\"wp-block-button text-center mb-5\"><a class=\"wp-block-button__link no-border-radius\" href=\"https:\/\/gruene-emmerich.de\/?post_type=sunflower_event\" rel=\"\">Alle Termine<\/a><\/div>\n                    <div class=\"row\"><div class=\"col-12 col-md-6 col-lg-4 mb-4\">\n\n<a href=\"https:\/\/gruene-emmerich.de\/?sunflower_event=fraktionssitzung-5\" class=\"event-card \" rel=\"bookmark\">\n<article id=\"post-615\" class=\"event has-shadow post-615 sunflower_event type-sunflower_event status-publish hentry\">\n\t<div class=\"p-4\">\n\t\t\t\t<div class=\"event-archive-meta\">\n\t\t\t<div class=\"text-uppercase small\">Montag<\/div>\n\t\t\t<div class=\"date\">\n\t\t\t\t<time datetime=\"2026-05-04 18:00\">\n\t\t\t\t\t04.05.2026 <span class=\"small\">18:00 \u2013 19:00 Uhr<\/span>\t\t\t\t<\/time>\n\t\t\t<\/div>\n\t\t\t<div class=\"fst-italic small\">\n\t\t\t\t\t\t\t<\/div>\n\t\t<\/div>\n\n\t\t<div class=\"mt-2\">\n\t\t\t<header class=\"entry-header pt-2 pb-2\">\n\t\t\t\t<span class=\"h2\">Fraktionssitzung<\/span>\t\t\t<\/header><!-- .entry-header -->\n\n\n\t\t\t<div class=\"entry-content\">\n\t\t\t\t<p>W\u00f6chentliche Fraktionssitzung<\/p>\n\t\t\t<\/div><!-- .entry-content -->\n\n\t\t<\/div>\n\n\t<\/div>\n<\/article><!-- #post-615 -->\n<\/a>\n<\/div><div class=\"col-12 col-md-6 col-lg-4 mb-4\">\n\n<a href=\"https:\/\/gruene-emmerich.de\/?sunflower_event=fraktionssitzung-2\" class=\"event-card \" rel=\"bookmark\">\n<article id=\"post-621\" class=\"event has-shadow post-621 sunflower_event type-sunflower_event status-publish hentry\">\n\t<div class=\"p-4\">\n\t\t\t\t<div class=\"event-archive-meta\">\n\t\t\t<div class=\"text-uppercase small\">Montag<\/div>\n\t\t\t<div class=\"date\">\n\t\t\t\t<time datetime=\"2026-05-11 18:00\">\n\t\t\t\t\t11.05.2026 <span class=\"small\">18:00 \u2013 19:00 Uhr<\/span>\t\t\t\t<\/time>\n\t\t\t<\/div>\n\t\t\t<div class=\"fst-italic small\">\n\t\t\t\t\t\t\t<\/div>\n\t\t<\/div>\n\n\t\t<div class=\"mt-2\">\n\t\t\t<header class=\"entry-header pt-2 pb-2\">\n\t\t\t\t<span class=\"h2\">Fraktionssitzung<\/span>\t\t\t<\/header><!-- .entry-header -->\n\n\n\t\t\t<div class=\"entry-content\">\n\t\t\t\t<p>W\u00f6chentliche Fraktionssitzung<\/p>\n\t\t\t<\/div><!-- .entry-content -->\n\n\t\t<\/div>\n\n\t<\/div>\n<\/article><!-- #post-621 -->\n<\/a>\n<\/div><div class=\"col-12 col-md-6 col-lg-4 mb-4\">\n\n<a href=\"https:\/\/gruene-emmerich.de\/?sunflower_event=fraktionssitzung-3\" class=\"event-card \" rel=\"bookmark\">\n<article id=\"post-623\" class=\"event has-shadow post-623 sunflower_event type-sunflower_event status-publish hentry\">\n\t<div class=\"p-4\">\n\t\t\t\t<div class=\"event-archive-meta\">\n\t\t\t<div class=\"text-uppercase small\">Montag<\/div>\n\t\t\t<div class=\"date\">\n\t\t\t\t<time datetime=\"2026-05-18 18:00\">\n\t\t\t\t\t18.05.2026 <span class=\"small\">18:00 \u2013 19:00 Uhr<\/span>\t\t\t\t<\/time>\n\t\t\t<\/div>\n\t\t\t<div class=\"fst-italic small\">\n\t\t\t\t\t\t\t<\/div>\n\t\t<\/div>\n\n\t\t<div class=\"mt-2\">\n\t\t\t<header class=\"entry-header pt-2 pb-2\">\n\t\t\t\t<span class=\"h2\">Fraktionssitzung<\/span>\t\t\t<\/header><!-- .entry-header -->\n\n\n\t\t\t<div class=\"entry-content\">\n\t\t\t\t<p>W\u00f6chentliche Fraktionssitzung<\/p>\n\t\t\t<\/div><!-- .entry-content -->\n\n\t\t<\/div>\n\n\t<\/div>\n<\/article><!-- #post-623 -->\n<\/a>\n<\/div><\/div><\/div><\/div>","protected":false},"excerpt":{"rendered":"<p>HerzlichWillkommen bei den GR\u00dcNEN in EMMERICH am Rhein. Echter Klimaschutz und ein lebenswertes Emmerich am Rhein sind uns ebenso wichtig wie eine \u00f6kologische, nachhaltige und soziale Gesellschaft. Wir sch\u00e4tzen unsere [&hellip;]<\/p>\n","protected":false},"author":3,"featured_media":0,"parent":0,"menu_order":0,"comment_status":"closed","ping_status":"closed","template":"","meta":{"footnotes":""},"class_list":["post-5","page","type-page","status-publish","hentry"],"_links":{"self":[{"href":"https:\/\/gruene-emmerich.de\/index.php?rest_route=\/wp\/v2\/pages\/5","targetHints":{"allow":["GET"]}}],"collection":[{"href":"https:\/\/gruene-emmerich.de\/index.php?rest_route=\/wp\/v2\/pages"}],"about":[{"href":"https:\/\/gruene-emmerich.de\/index.php?rest_route=\/wp\/v2\/types\/page"}],"author":[{"embeddable":true,"href":"https:\/\/gruene-emmerich.de\/index.php?rest_route=\/wp\/v2\/users\/3"}],"replies":[{"embeddable":true,"href":"https:\/\/gruene-emmerich.de\/index.php?rest_route=%2Fwp%2Fv2%2Fcomments&post=5"}],"version-history":[{"count":58,"href":"https:\/\/gruene-emmerich.de\/index.php?rest_route=\/wp\/v2\/pages\/5\/revisions"}],"predecessor-version":[{"id":443,"href":"https:\/\/gruene-emmerich.de\/index.php?rest_route=\/wp\/v2\/pages\/5\/revisions\/443"}],"wp:attachment":[{"href":"https:\/\/gruene-emmerich.de\/index.php?rest_route=%2Fwp%2Fv2%2Fmedia&parent=5"}],"curies":[{"name":"wp","href":"https:\/\/api.w.org\/{rel}","templated":true}]}}